{"id":79619,"date":"2025-09-30T08:51:21","date_gmt":"2025-09-30T07:51:21","guid":{"rendered":"https:\/\/www.rizz.design\/product\/porte-parapluies\/"},"modified":"2026-03-10T10:03:45","modified_gmt":"2026-03-10T09:03:45","slug":"porte-parapluies","status":"publish","type":"product","link":"https:\/\/www.rizz.design\/fr\/produit\/porte-parapluies\/","title":{"rendered":"Porte-parapluies"},"content":{"rendered":"<p>[et_pb_section fb_built=\u00a0\u00bb1&Prime; _builder_version=\u00a0\u00bb4.27.4&Prime; _module_preset=\u00a0\u00bbdefault\u00a0\u00bb background_color=\u00a0\u00bb#000000&Prime; locked=\u00a0\u00bboff\u00a0\u00bb global_colors_info=\u00a0\u00bb{}\u00a0\u00bb][et_pb_row column_structure=\u00a0\u00bb2_5,3_5&Prime; _builder_version=\u00a0\u00bb4.27.0&Prime; _module_preset=\u00a0\u00bb_initial\u00a0\u00bb custom_css_main_element=\u00a0\u00bbdisplay: flex;||align-items: center;\u00a0\u00bb custom_css_free_form=\u00a0\u00bb@media (max-width: 980px) {||  selector {||    flex-direction: column;||  }||}\u00a0\u00bb global_colors_info=\u00a0\u00bb{}\u00a0\u00bb][et_pb_column type=\u00a0\u00bb2_5&Prime; _builder_version=\u00a0\u00bb4.27.0&Prime; _module_preset=\u00a0\u00bbdefault\u00a0\u00bb global_colors_info=\u00a0\u00bb{}\u00a0\u00bb][et_pb_text _builder_version=\u00a0\u00bb4.27.4&Prime; _module_preset=\u00a0\u00bbdefault\u00a0\u00bb text_font=\u00a0\u00bb||||||||\u00a0\u00bb text_text_color=\u00a0\u00bb#FFFFFF\u00a0\u00bb text_font_size=\u00a0\u00bb38px\u00a0\u00bb custom_margin=\u00a0\u00bb||7px||false|false\u00a0\u00bb custom_css_free_form=\u00a0\u00bbselector span.head_text.small {||  font-size: 36px!important;||  font-weight: bold;||\tline-height: 50px;||}\u00a0\u00bb global_colors_info=\u00a0\u00bb{}\u00a0\u00bb]<\/p>\n<p><span class=\"head_text small\">RiZZ porte-parapluies:<br \/>2 mod\u00e8les pour une entr\u00e9e \u00e9l\u00e9gante<br \/><\/span><\/p>\n<p>[\/et_pb_text][et_pb_text _builder_version=\u00a0\u00bb4.27.4&Prime; _module_preset=\u00a0\u00bbdefault\u00a0\u00bb text_text_color=\u00a0\u00bb#FFFFFF\u00a0\u00bb custom_css_free_form=\u00a0\u00bbselector p {||  font-size: 28px;||  line-height: 40px;||}\u00a0\u00bb global_colors_info=\u00a0\u00bb{}\u00a0\u00bb]<\/p>\n<p><i><span style=\"font-weight: 400;\">The Disc<\/span><\/i><span style=\"font-weight: 400;\"> et <\/span><i><span style=\"font-weight: 400;\">The Ring<\/span><\/i><span style=\"font-weight: 400;\">. Con\u00e7us pour allier un minimalisme raffin\u00e9 \u00e0 une fonctionnalit\u00e9 sans compromis, chaque pi\u00e8ce transforme un objet du quotidien en v\u00e9ritable \u00e9l\u00e9ment design.<\/span><\/p>\n<p>[\/et_pb_text][et_pb_button button_text=\u00a0\u00bbChoisissez votre design pr\u00e9f\u00e9r\u00e9\u00a0\u00bb module_class=\u00a0\u00bbtrigger_product_popup\u00a0\u00bb _builder_version=\u00a0\u00bb4.27.4&Prime; _module_preset=\u00a0\u00bbdefault\u00a0\u00bb global_colors_info=\u00a0\u00bb{}\u00a0\u00bb][\/et_pb_button][\/et_pb_column][et_pb_column type=\u00a0\u00bb3_5&Prime; _builder_version=\u00a0\u00bb4.27.0&Prime; _module_preset=\u00a0\u00bbdefault\u00a0\u00bb global_colors_info=\u00a0\u00bb{}\u00a0\u00bb][et_pb_image src=\u00a0\u00bbhttps:\/\/www.rizz.design\/wp-content\/uploads\/2025\/09\/RiZZ_Sfeerfoto_The_Disc_Palm_Teun_Fleskens.jpg\u00a0\u00bb title_text=\u00a0\u00bb\u00a9 LISA KLAPPE\u00a0\u00bb align=\u00a0\u00bbcenter\u00a0\u00bb _builder_version=\u00a0\u00bb4.27.4&Prime; _module_preset=\u00a0\u00bbdefault\u00a0\u00bb global_colors_info=\u00a0\u00bb{}\u00a0\u00bb][\/et_pb_image][\/et_pb_column][\/et_pb_row][\/et_pb_section][et_pb_section fb_built=\u00a0\u00bb1&Prime; _builder_version=\u00a0\u00bb4.27.4&Prime; _module_preset=\u00a0\u00bbdefault\u00a0\u00bb locked=\u00a0\u00bboff\u00a0\u00bb global_colors_info=\u00a0\u00bb{}\u00a0\u00bb][et_pb_row column_structure=\u00a0\u00bb2_5,3_5&Prime; _builder_version=\u00a0\u00bb4.27.0&Prime; _module_preset=\u00a0\u00bb_initial\u00a0\u00bb custom_css_main_element=\u00a0\u00bbdisplay: flex;||align-items: center;\u00a0\u00bb custom_css_free_form=\u00a0\u00bb@media (max-width: 980px) {||  selector {||    flex-direction: column-reverse;||    gap: 25px;||  }||  ||  selector img {||    max-width: 450px;||    width: 100%!important;||  }||}\u00a0\u00bb global_colors_info=\u00a0\u00bb{}\u00a0\u00bb][et_pb_column type=\u00a0\u00bb2_5&Prime; _builder_version=\u00a0\u00bb4.27.0&Prime; _module_preset=\u00a0\u00bbdefault\u00a0\u00bb global_colors_info=\u00a0\u00bb{}\u00a0\u00bb][et_pb_image src=\u00a0\u00bbhttps:\/\/www.rizz.design\/wp-content\/uploads\/2025\/09\/RiZZ_umbrellastand_disc-1.jpg\u00a0\u00bb title_text=\u00a0\u00bbRiZZ_umbrellastand_disc\u00a0\u00bb _builder_version=\u00a0\u00bb4.27.4&Prime; _module_preset=\u00a0\u00bbdefault\u00a0\u00bb max_height=\u00a0\u00bb65vh\u00a0\u00bb global_colors_info=\u00a0\u00bb{}\u00a0\u00bb][\/et_pb_image][\/et_pb_column][et_pb_column type=\u00a0\u00bb3_5&Prime; _builder_version=\u00a0\u00bb4.27.0&Prime; _module_preset=\u00a0\u00bbdefault\u00a0\u00bb global_colors_info=\u00a0\u00bb{}\u00a0\u00bb][et_pb_blurb title=\u00a0\u00bbThe Disc\u00a0\u00bb content_max_width=\u00a0\u00bb100%\u00a0\u00bb _builder_version=\u00a0\u00bb4.27.4&Prime; _module_preset=\u00a0\u00bbdefault\u00a0\u00bb header_font=\u00a0\u00bb|600||on|||||\u00a0\u00bb header_text_color=\u00a0\u00bbgcid-62d4cf57-a9b8-458a-be71-4790c9153c28&Prime; header_font_size=\u00a0\u00bb20px\u00a0\u00bb width=\u00a0\u00bb100%\u00a0\u00bb module_alignment=\u00a0\u00bbleft\u00a0\u00bb global_colors_info=\u00a0\u00bb{%22gcid-62d4cf57-a9b8-458a-be71-4790c9153c28%22:%91%22header_text_color%22%93}\u00a0\u00bb]<\/p>\n<p>Un porte-parapluie autoportant et lourd, qui maintient parfaitement chaque parapluie, qu\u2019il soit fin et \u00e9l\u00e9gant ou robuste et coupe-vent. Il suffit de glisser le parapluie dans l\u2019une des ouvertures de pr\u00e9cision ; la base solide garantit une stabilit\u00e9 parfaite. Disponible en noir, blanc et acier inoxydable, pour s\u2019int\u00e9grer \u00e0 tous les styles int\u00e9rieurs ou ext\u00e9rieurs.<\/p>\n<p><span style=\"font-weight: 400;\">AVANTAGES <\/span><\/p>\n<ul>\n<li>Design autoportant \u2014 aucune installation n\u00e9cessaire<\/li>\n<li><span style=\"font-weight: 400;\"><\/span>Construction solide en acier inoxydable durable<\/li>\n<li>Minimaliste, \u00e9l\u00e9gant et facile \u00e0 d\u00e9placer<\/li>\n<\/ul>\n<p>[\/et_pb_blurb][et_pb_button button_url=\u00a0\u00bbhttps:\/\/www.rizz.design\/fr\/produit\/porte-parapluies\/?modal=1&amp;attribute_kies-uw-type=schijf\u00a0\u00bb button_text=\u00a0\u00bbCommander maintenant\u00a0\u00bb _builder_version=\u00a0\u00bb4.27.4&Prime; _module_preset=\u00a0\u00bbdefault\u00a0\u00bb custom_css_free_form=\u00a0\u00bb.et_pb_button_3_wrapper {||  display: flex;||}||||selector {||  margin-left: auto;||  margin-right: auto;||}\u00a0\u00bb global_colors_info=\u00a0\u00bb{}\u00a0\u00bb][\/et_pb_button][\/et_pb_column][\/et_pb_row][\/et_pb_section][et_pb_section fb_built=\u00a0\u00bb1&Prime; _builder_version=\u00a0\u00bb4.27.4&Prime; _module_preset=\u00a0\u00bbdefault\u00a0\u00bb background_color=\u00a0\u00bb#000000&Prime; locked=\u00a0\u00bboff\u00a0\u00bb global_colors_info=\u00a0\u00bb{}\u00a0\u00bb][et_pb_row column_structure=\u00a0\u00bb2_5,3_5&Prime; disabled_on=\u00a0\u00bboff|on|on\u00a0\u00bb _builder_version=\u00a0\u00bb4.27.0&Prime; _module_preset=\u00a0\u00bb_initial\u00a0\u00bb custom_css_main_element=\u00a0\u00bbdisplay: flex;||align-items: center;\u00a0\u00bb custom_css_free_form=\u00a0\u00bb@media (max-width: 980px) {||  selector {||    flex-direction: column-reverse;||    gap: 25px;||  }||  ||  selector img {||    max-width: 450px;||    width: 100%!important;||  }||}\u00a0\u00bb global_colors_info=\u00a0\u00bb{}\u00a0\u00bb][et_pb_column type=\u00a0\u00bb2_5&Prime; _builder_version=\u00a0\u00bb4.27.0&Prime; _module_preset=\u00a0\u00bbdefault\u00a0\u00bb global_colors_info=\u00a0\u00bb{}\u00a0\u00bb][et_pb_image src=\u00a0\u00bbhttps:\/\/www.rizz.design\/wp-content\/uploads\/2025\/09\/The_Ring.jpg\u00a0\u00bb title_text=\u00a0\u00bbThe_Ring\u00a0\u00bb disabled_on=\u00a0\u00bboff|off|off\u00a0\u00bb _builder_version=\u00a0\u00bb4.27.4&Prime; _module_preset=\u00a0\u00bbdefault\u00a0\u00bb max_height=\u00a0\u00bb65vh\u00a0\u00bb global_colors_info=\u00a0\u00bb{}\u00a0\u00bb][\/et_pb_image][\/et_pb_column][et_pb_column type=\u00a0\u00bb3_5&Prime; _builder_version=\u00a0\u00bb4.27.0&Prime; _module_preset=\u00a0\u00bbdefault\u00a0\u00bb global_colors_info=\u00a0\u00bb{}\u00a0\u00bb][et_pb_blurb title=\u00a0\u00bbThe Ring\u00a0\u00bb content_max_width=\u00a0\u00bb100%\u00a0\u00bb _builder_version=\u00a0\u00bb4.27.4&Prime; _module_preset=\u00a0\u00bbdefault\u00a0\u00bb header_font=\u00a0\u00bb|600||on|||||\u00a0\u00bb header_text_color=\u00a0\u00bbgcid-62d4cf57-a9b8-458a-be71-4790c9153c28&Prime; header_font_size=\u00a0\u00bb20px\u00a0\u00bb background_layout=\u00a0\u00bbdark\u00a0\u00bb width=\u00a0\u00bb100%\u00a0\u00bb module_alignment=\u00a0\u00bbleft\u00a0\u00bb global_colors_info=\u00a0\u00bb{%22gcid-62d4cf57-a9b8-458a-be71-4790c9153c28%22:%91%22header_text_color%22%93}\u00a0\u00bb]<\/p>\n<p>\u2018The Ring\u2019 r\u00e9invente le porte-parapluie classique avec un design minimaliste et peu encombrant. L\u2019anneau mural maintient fermement tout parapluie droit, tandis que le crochet \u00e9l\u00e9gant accueille les mod\u00e8les pliables ou compacts. En dessous, un bac d\u2019\u00e9gouttage amovible recueille l\u2019eau et se nettoie facilement. Disponible en noir, blanc et acier inoxydable pour s\u2019harmoniser avec tout int\u00e9rieur.<\/p>\n<p><span style=\"font-weight: 400;\">AVANTAGES <\/span><\/p>\n<ul>\n<li>Hauteur r\u00e9glable pour un acc\u00e8s confortable<\/li>\n<li><span style=\"font-weight: 400;\"><\/span>Structure ouverte pour un s\u00e9chage rapide<\/li>\n<li>Bac d\u2019\u00e9gouttage facile \u00e0 nettoyer<\/li>\n<li>Mat\u00e9riaux durables et r\u00e9sistants dans le temps<\/li>\n<\/ul>\n<p>[\/et_pb_blurb][et_pb_button button_url=\u00a0\u00bbhttps:\/\/www.rizz.design\/fr\/produit\/porte-parapluies\/?modal=1&amp;attribute_kies-uw-type=ring\u00a0\u00bb button_text=\u00a0\u00bbCommander maintenant\u00a0\u00bb _builder_version=\u00a0\u00bb4.27.4&Prime; _module_preset=\u00a0\u00bbdefault\u00a0\u00bb custom_css_free_form=\u00a0\u00bb.et_pb_button_3_wrapper {||  display: flex;||}||||selector {||  margin-left: auto;||  margin-right: auto;||}\u00a0\u00bb global_colors_info=\u00a0\u00bb{}\u00a0\u00bb][\/et_pb_button][\/et_pb_column][\/et_pb_row][et_pb_row column_structure=\u00a0\u00bb3_5,2_5&Prime; disabled_on=\u00a0\u00bbon|off|off\u00a0\u00bb _builder_version=\u00a0\u00bb4.27.4&Prime; _module_preset=\u00a0\u00bb_initial\u00a0\u00bb custom_css_main_element=\u00a0\u00bbdisplay: flex;||align-items: center;\u00a0\u00bb custom_css_free_form=\u00a0\u00bb@media (max-width: 980px) {||  selector {||    flex-direction: column-reverse;||    gap: 25px;||  }||  ||  selector img {||    max-width: 450px;||    width: 100%!important;||  }||}\u00a0\u00bb global_colors_info=\u00a0\u00bb{}\u00a0\u00bb][et_pb_column type=\u00a0\u00bb3_5&Prime; _builder_version=\u00a0\u00bb4.27.0&Prime; _module_preset=\u00a0\u00bbdefault\u00a0\u00bb global_colors_info=\u00a0\u00bb{}\u00a0\u00bb][et_pb_blurb title=\u00a0\u00bbThe Ring\u00a0\u00bb content_max_width=\u00a0\u00bb100%\u00a0\u00bb _builder_version=\u00a0\u00bb4.27.4&Prime; _module_preset=\u00a0\u00bbdefault\u00a0\u00bb header_font=\u00a0\u00bb|600||on|||||\u00a0\u00bb header_text_color=\u00a0\u00bbgcid-62d4cf57-a9b8-458a-be71-4790c9153c28&Prime; header_font_size=\u00a0\u00bb20px\u00a0\u00bb background_layout=\u00a0\u00bbdark\u00a0\u00bb width=\u00a0\u00bb100%\u00a0\u00bb module_alignment=\u00a0\u00bbleft\u00a0\u00bb global_colors_info=\u00a0\u00bb{%22gcid-62d4cf57-a9b8-458a-be71-4790c9153c28%22:%91%22header_text_color%22%93}\u00a0\u00bb]<\/p>\n<p>\u2018The Ring\u2019 r\u00e9invente le porte-parapluie classique avec un design minimaliste et peu encombrant. L\u2019anneau mural maintient fermement tout parapluie droit, tandis que le crochet \u00e9l\u00e9gant accueille les mod\u00e8les pliables ou compacts. En dessous, un bac d\u2019\u00e9gouttage amovible recueille l\u2019eau et se nettoie facilement. Disponible en noir, blanc et acier inoxydable pour s\u2019harmoniser avec tout int\u00e9rieur.<\/p>\n<p><span style=\"font-weight: 400;\">AVANTAGES <\/span><\/p>\n<ul>\n<li>Hauteur r\u00e9glable pour un acc\u00e8s confortable<\/li>\n<li><span style=\"font-weight: 400;\"><\/span>Structure ouverte pour un s\u00e9chage rapide<\/li>\n<li>Bac d\u2019\u00e9gouttage facile \u00e0 nettoyer<\/li>\n<li>Mat\u00e9riaux durables et r\u00e9sistants dans le temps<\/li>\n<\/ul>\n<p>[\/et_pb_blurb][et_pb_button button_url=\u00a0\u00bbhttps:\/\/www.rizz.design\/fr\/produit\/porte-parapluies\/?modal=1&amp;attribute_kies-uw-type=ring\u00a0\u00bb button_text=\u00a0\u00bbCommander maintenant\u00a0\u00bb _builder_version=\u00a0\u00bb4.27.4&Prime; _module_preset=\u00a0\u00bbdefault\u00a0\u00bb custom_css_free_form=\u00a0\u00bb.et_pb_button_3_wrapper {||  display: flex;||}||||selector {||  margin-left: auto;||  margin-right: auto;||}\u00a0\u00bb global_colors_info=\u00a0\u00bb{}\u00a0\u00bb][\/et_pb_button][\/et_pb_column][et_pb_column type=\u00a0\u00bb2_5&Prime; _builder_version=\u00a0\u00bb4.27.0&Prime; _module_preset=\u00a0\u00bbdefault\u00a0\u00bb global_colors_info=\u00a0\u00bb{}\u00a0\u00bb][et_pb_image src=\u00a0\u00bbhttps:\/\/www.rizz.design\/wp-content\/uploads\/2025\/09\/The_Ring.jpg\u00a0\u00bb title_text=\u00a0\u00bbThe_Ring\u00a0\u00bb disabled_on=\u00a0\u00bboff|off|off\u00a0\u00bb _builder_version=\u00a0\u00bb4.27.4&Prime; _module_preset=\u00a0\u00bbdefault\u00a0\u00bb max_height=\u00a0\u00bb65vh\u00a0\u00bb global_colors_info=\u00a0\u00bb{}\u00a0\u00bb][\/et_pb_image][\/et_pb_column][\/et_pb_row][\/et_pb_section][et_pb_section fb_built=\u00a0\u00bb1&Prime; _builder_version=\u00a0\u00bb4.27.0&Prime; _module_preset=\u00a0\u00bbdefault\u00a0\u00bb locked=\u00a0\u00bboff\u00a0\u00bb global_colors_info=\u00a0\u00bb{}\u00a0\u00bb][et_pb_row column_structure=\u00a0\u00bb1_2,1_2&Prime; _builder_version=\u00a0\u00bb4.27.4&Prime; _module_preset=\u00a0\u00bb_initial\u00a0\u00bb global_colors_info=\u00a0\u00bb{}\u00a0\u00bb][et_pb_column type=\u00a0\u00bb1_2&Prime; _builder_version=\u00a0\u00bb4.27.0&Prime; _module_preset=\u00a0\u00bbdefault\u00a0\u00bb global_colors_info=\u00a0\u00bb{}\u00a0\u00bb][et_pb_blurb title=\u00a0\u00bbThe Disc\u00a0\u00bb image=\u00a0\u00bbhttps:\/\/www.rizz.design\/wp-content\/uploads\/2025\/09\/Disc_black-2.jpg\u00a0\u00bb _builder_version=\u00a0\u00bb4.27.4&Prime; _module_preset=\u00a0\u00bbdefault\u00a0\u00bb header_font=\u00a0\u00bb|600||on|||||\u00a0\u00bb header_text_align=\u00a0\u00bbcenter\u00a0\u00bb header_text_color=\u00a0\u00bbgcid-62d4cf57-a9b8-458a-be71-4790c9153c28&Prime; header_font_size=\u00a0\u00bb22px\u00a0\u00bb custom_css_free_form=\u00a0\u00bbselector img {||  height: 500px;||  object-fit: contain;||}\u00a0\u00bb global_colors_info=\u00a0\u00bb{%22gcid-62d4cf57-a9b8-458a-be71-4790c9153c28%22:%91%22header_text_color%22%93}\u00a0\u00bb][\/et_pb_blurb][et_pb_button button_url=\u00a0\u00bbhttps:\/\/www.rizz.design\/fr\/produit\/porte-parapluies\/?modal=1&amp;attribute_kies-uw-type=schijf\u00a0\u00bb button_text=\u00a0\u00bbS\u00e9lectionnez votre couleur\u00a0\u00bb button_alignment=\u00a0\u00bbcenter\u00a0\u00bb _builder_version=\u00a0\u00bb4.27.4&Prime; _module_preset=\u00a0\u00bbdefault\u00a0\u00bb custom_css_free_form=\u00a0\u00bb.et_pb_button_3_wrapper {||  display: flex;||}||||selector {||  margin-left: auto;||  margin-right: auto;||}\u00a0\u00bb locked=\u00a0\u00bboff\u00a0\u00bb global_colors_info=\u00a0\u00bb{}\u00a0\u00bb][\/et_pb_button][\/et_pb_column][et_pb_column type=\u00a0\u00bb1_2&Prime; _builder_version=\u00a0\u00bb4.27.0&Prime; _module_preset=\u00a0\u00bbdefault\u00a0\u00bb global_colors_info=\u00a0\u00bb{}\u00a0\u00bb][et_pb_blurb title=\u00a0\u00bbThe Ring\u00a0\u00bb image=\u00a0\u00bbhttps:\/\/www.rizz.design\/wp-content\/uploads\/2025\/09\/Paraplubak_The_Ring_Roestvrij_Staal_RiZZ_Teun_Fleskens-1.jpg\u00a0\u00bb _builder_version=\u00a0\u00bb4.27.4&Prime; _module_preset=\u00a0\u00bbdefault\u00a0\u00bb header_font=\u00a0\u00bb|600||on|||||\u00a0\u00bb header_text_align=\u00a0\u00bbcenter\u00a0\u00bb header_text_color=\u00a0\u00bbgcid-62d4cf57-a9b8-458a-be71-4790c9153c28&Prime; header_font_size=\u00a0\u00bb22px\u00a0\u00bb custom_css_free_form=\u00a0\u00bbselector img {||  height: 500px;||  object-fit: contain;||}\u00a0\u00bb locked=\u00a0\u00bboff\u00a0\u00bb global_colors_info=\u00a0\u00bb{%22gcid-62d4cf57-a9b8-458a-be71-4790c9153c28%22:%91%22header_text_color%22%93}\u00a0\u00bb][\/et_pb_blurb][et_pb_button button_url=\u00a0\u00bbhttps:\/\/www.rizz.design\/fr\/produit\/porte-parapluies\/?modal=1&amp;attribute_kies-uw-type=ring\u00a0\u00bb button_text=\u00a0\u00bbS\u00e9lectionnez votre couleur\u00a0\u00bb button_alignment=\u00a0\u00bbcenter\u00a0\u00bb _builder_version=\u00a0\u00bb4.27.4&Prime; _module_preset=\u00a0\u00bbdefault\u00a0\u00bb custom_css_free_form=\u00a0\u00bb.et_pb_button_3_wrapper {||  display: flex;||}||||selector {||  margin-left: auto;||  margin-right: auto;||}\u00a0\u00bb locked=\u00a0\u00bboff\u00a0\u00bb global_colors_info=\u00a0\u00bb{}\u00a0\u00bb][\/et_pb_button][\/et_pb_column][\/et_pb_row][\/et_pb_section][et_pb_section fb_built=\u00a0\u00bb1&Prime; _builder_version=\u00a0\u00bb4.27.0&Prime; _module_preset=\u00a0\u00bbdefault\u00a0\u00bb background_color=\u00a0\u00bb#000000&Prime; locked=\u00a0\u00bboff\u00a0\u00bb global_colors_info=\u00a0\u00bb{}\u00a0\u00bb][et_pb_row use_custom_gutter=\u00a0\u00bbon\u00a0\u00bb gutter_width=\u00a0\u00bb2&Prime; make_equal=\u00a0\u00bbon\u00a0\u00bb _builder_version=\u00a0\u00bb4.27.4&Prime; _module_preset=\u00a0\u00bb_initial\u00a0\u00bb custom_margin=\u00a0\u00bb||-50px||false|false\u00a0\u00bb custom_padding=\u00a0\u00bb||||false|false\u00a0\u00bb global_colors_info=\u00a0\u00bb{}\u00a0\u00bb][et_pb_column type=\u00a0\u00bb4_4&Prime; _builder_version=\u00a0\u00bb4.27.4&Prime; _module_preset=\u00a0\u00bbdefault\u00a0\u00bb global_colors_info=\u00a0\u00bb{}\u00a0\u00bb][et_pb_text _builder_version=\u00a0\u00bb4.27.4&Prime; _module_preset=\u00a0\u00bbdefault\u00a0\u00bb text_font=\u00a0\u00bb||||||||\u00a0\u00bb text_text_color=\u00a0\u00bb#FFFFFF\u00a0\u00bb text_font_size=\u00a0\u00bb38px\u00a0\u00bb header_font_size=\u00a0\u00bb41px\u00a0\u00bb header_2_font_size=\u00a0\u00bb34px\u00a0\u00bb background_layout=\u00a0\u00bbdark\u00a0\u00bb custom_margin=\u00a0\u00bb||||false|false\u00a0\u00bb header_2_font_size_tablet=\u00a0\u00bb30px\u00a0\u00bb header_2_font_size_phone=\u00a0\u00bb26px\u00a0\u00bb header_2_font_size_last_edited=\u00a0\u00bbon|tablet\u00a0\u00bb custom_css_free_form=\u00a0\u00bbselector span.head_text.small {||  font-size: 36px!important;||  font-weight: bold;||\tline-height: 50px;||}\u00a0\u00bb global_colors_info=\u00a0\u00bb{}\u00a0\u00bb]<\/p>\n<h2>Imaginez les stands dans votre espace<\/h2>\n<p>[\/et_pb_text][\/et_pb_column][\/et_pb_row][et_pb_row column_structure=\u00a0\u00bb1_2,1_2&Prime; use_custom_gutter=\u00a0\u00bbon\u00a0\u00bb gutter_width=\u00a0\u00bb2&Prime; make_equal=\u00a0\u00bbon\u00a0\u00bb _builder_version=\u00a0\u00bb4.27.4&Prime; _module_preset=\u00a0\u00bb_initial\u00a0\u00bb custom_padding=\u00a0\u00bb48px|||||\u00a0\u00bb global_colors_info=\u00a0\u00bb{}\u00a0\u00bb][et_pb_column type=\u00a0\u00bb1_2&Prime; _builder_version=\u00a0\u00bb4.27.4&Prime; _module_preset=\u00a0\u00bbdefault\u00a0\u00bb global_colors_info=\u00a0\u00bb{}\u00a0\u00bb][et_pb_image src=\u00a0\u00bbhttps:\/\/www.rizz.design\/wp-content\/uploads\/2025\/09\/Umbrella-Ring-In-Your-Home-1.jpg\u00a0\u00bb title_text=\u00a0\u00bbUmbrella Ring In Your Home\u00a0\u00bb show_in_lightbox=\u00a0\u00bbon\u00a0\u00bb _builder_version=\u00a0\u00bb4.27.4&Prime; _module_preset=\u00a0\u00bbdefault\u00a0\u00bb global_colors_info=\u00a0\u00bb{}\u00a0\u00bb][\/et_pb_image][\/et_pb_column][et_pb_column type=\u00a0\u00bb1_2&Prime; _builder_version=\u00a0\u00bb4.27.4&Prime; _module_preset=\u00a0\u00bbdefault\u00a0\u00bb global_colors_info=\u00a0\u00bb{}\u00a0\u00bb][\/et_pb_column][\/et_pb_row][\/et_pb_section]<\/p>\n","protected":false},"excerpt":{"rendered":"<p>RiZZ porte-parapluies:2 mod\u00e8les pour une entr\u00e9e \u00e9l\u00e9ganteThe Disc et The Ring. Con\u00e7us pour allier un minimalisme raffin\u00e9 \u00e0 une fonctionnalit\u00e9 sans compromis, chaque pi\u00e8ce transforme un objet du quotidien en v\u00e9ritable \u00e9l\u00e9ment design.Un porte-parapluie autoportant et lourd, qui maintient parfaitement chaque parapluie, qu\u2019il soit fin et \u00e9l\u00e9gant ou robuste et coupe-vent. Il suffit de glisser [&hellip;]<\/p>\n","protected":false},"featured_media":79375,"comment_status":"closed","ping_status":"closed","template":"","meta":{"_acf_changed":false,"_et_pb_use_builder":"on","_et_pb_old_content":"","_et_gb_content_width":"","footnotes":""},"product_brand":[],"product_cat":[447],"product_tag":[],"class_list":{"0":"post-79619","1":"product","2":"type-product","3":"status-publish","4":"has-post-thumbnail","6":"product_cat-accessoires-fr","7":"pa_color-anthracite-fr","8":"pa_color-white-fr","9":"pa_color-stainless-steel-fr","11":"first","12":"instock","13":"taxable","14":"shipping-taxable","15":"purchasable","16":"product-type-variable","17":"has-default-attributes"},"acf":[],"yoast_head":"<!-- This site is optimized with the Yoast SEO Premium plugin v27.1 (Yoast SEO v27.1.1) - https:\/\/yoast.com\/product\/yoast-seo-premium-wordpress\/ -->\n<title>Porte-parapluies - RiZZ | Official Website<\/title>\n<meta name=\"robots\" content=\"index, follow, max-snippet:-1, max-image-preview:large, max-video-preview:-1\" \/>\n<link rel=\"canonical\" href=\"https:\/\/www.rizz.design\/fr\/produit\/porte-parapluies\/\" \/>\n<meta property=\"og:locale\" content=\"fr_FR\" \/>\n<meta property=\"og:type\" content=\"article\" \/>\n<meta property=\"og:title\" content=\"Porte-parapluies\" \/>\n<meta property=\"og:description\" content=\"RiZZ porte-parapluies:2 mod\u00e8les pour une entr\u00e9e \u00e9l\u00e9ganteThe Disc et The Ring. Con\u00e7us pour allier un minimalisme raffin\u00e9 \u00e0 une fonctionnalit\u00e9 sans compromis, chaque pi\u00e8ce transforme un objet du quotidien en v\u00e9ritable \u00e9l\u00e9ment design.Un porte-parapluie autoportant et lourd, qui maintient parfaitement chaque parapluie, qu\u2019il soit fin et \u00e9l\u00e9gant ou robuste et coupe-vent. Il suffit de glisser [&hellip;]\" \/>\n<meta property=\"og:url\" content=\"https:\/\/www.rizz.design\/fr\/produit\/porte-parapluies\/\" \/>\n<meta property=\"og:site_name\" content=\"RiZZ | Official Website\" \/>\n<meta property=\"article:modified_time\" content=\"2026-03-10T09:03:45+00:00\" \/>\n<meta property=\"og:image\" content=\"https:\/\/www.rizz.design\/wp-content\/uploads\/2025\/09\/Ring-and-Disc-1.jpg\" \/>\n\t<meta property=\"og:image:width\" content=\"500\" \/>\n\t<meta property=\"og:image:height\" content=\"500\" \/>\n\t<meta property=\"og:image:type\" content=\"image\/jpeg\" \/>\n<meta name=\"twitter:card\" content=\"summary_large_image\" \/>\n<meta name=\"twitter:label1\" content=\"Dur\u00e9e de lecture estim\u00e9e\" \/>\n\t<meta name=\"twitter:data1\" content=\"9 minutes\" \/>\n<script type=\"application\/ld+json\" class=\"yoast-schema-graph\">{\"@context\":\"https:\/\/schema.org\",\"@graph\":[{\"@type\":\"WebPage\",\"@id\":\"https:\/\/www.rizz.design\/fr\/produit\/porte-parapluies\/\",\"url\":\"https:\/\/www.rizz.design\/fr\/produit\/porte-parapluies\/\",\"name\":\"Porte-parapluies - RiZZ | Official Website\",\"isPartOf\":{\"@id\":\"https:\/\/www.rizz.design\/fr\/#website\"},\"primaryImageOfPage\":{\"@id\":\"https:\/\/www.rizz.design\/fr\/produit\/porte-parapluies\/#primaryimage\"},\"image\":{\"@id\":\"https:\/\/www.rizz.design\/fr\/produit\/porte-parapluies\/#primaryimage\"},\"thumbnailUrl\":\"https:\/\/www.rizz.design\/wp-content\/uploads\/2025\/09\/Ring-and-Disc-1.jpg\",\"datePublished\":\"2025-09-30T07:51:21+00:00\",\"dateModified\":\"2026-03-10T09:03:45+00:00\",\"breadcrumb\":{\"@id\":\"https:\/\/www.rizz.design\/fr\/produit\/porte-parapluies\/#breadcrumb\"},\"inLanguage\":\"fr-FR\",\"potentialAction\":[{\"@type\":\"ReadAction\",\"target\":[\"https:\/\/www.rizz.design\/fr\/produit\/porte-parapluies\/\"]}]},{\"@type\":\"ImageObject\",\"inLanguage\":\"fr-FR\",\"@id\":\"https:\/\/www.rizz.design\/fr\/produit\/porte-parapluies\/#primaryimage\",\"url\":\"https:\/\/www.rizz.design\/wp-content\/uploads\/2025\/09\/Ring-and-Disc-1.jpg\",\"contentUrl\":\"https:\/\/www.rizz.design\/wp-content\/uploads\/2025\/09\/Ring-and-Disc-1.jpg\",\"width\":500,\"height\":500},{\"@type\":\"BreadcrumbList\",\"@id\":\"https:\/\/www.rizz.design\/fr\/produit\/porte-parapluies\/#breadcrumb\",\"itemListElement\":[{\"@type\":\"ListItem\",\"position\":1,\"name\":\"Home\",\"item\":\"https:\/\/www.rizz.design\/fr\/\"},{\"@type\":\"ListItem\",\"position\":2,\"name\":\"Produits\",\"item\":\"https:\/\/www.rizz.design\/fr\/shop\/\"},{\"@type\":\"ListItem\",\"position\":3,\"name\":\"Porte-parapluies\"}]},{\"@type\":\"WebSite\",\"@id\":\"https:\/\/www.rizz.design\/fr\/#website\",\"url\":\"https:\/\/www.rizz.design\/fr\/\",\"name\":\"RiZZ | Official Website\",\"description\":\"Since 1941\",\"potentialAction\":[{\"@type\":\"SearchAction\",\"target\":{\"@type\":\"EntryPoint\",\"urlTemplate\":\"https:\/\/www.rizz.design\/fr\/?s={search_term_string}\"},\"query-input\":{\"@type\":\"PropertyValueSpecification\",\"valueRequired\":true,\"valueName\":\"search_term_string\"}}],\"inLanguage\":\"fr-FR\"}]}<\/script>\n<!-- \/ Yoast SEO Premium plugin. -->","yoast_head_json":{"title":"Porte-parapluies - RiZZ | Official Website","robots":{"index":"index","follow":"follow","max-snippet":"max-snippet:-1","max-image-preview":"max-image-preview:large","max-video-preview":"max-video-preview:-1"},"canonical":"https:\/\/www.rizz.design\/fr\/produit\/porte-parapluies\/","og_locale":"fr_FR","og_type":"article","og_title":"Porte-parapluies","og_description":"RiZZ porte-parapluies:2 mod\u00e8les pour une entr\u00e9e \u00e9l\u00e9ganteThe Disc et The Ring. Con\u00e7us pour allier un minimalisme raffin\u00e9 \u00e0 une fonctionnalit\u00e9 sans compromis, chaque pi\u00e8ce transforme un objet du quotidien en v\u00e9ritable \u00e9l\u00e9ment design.Un porte-parapluie autoportant et lourd, qui maintient parfaitement chaque parapluie, qu\u2019il soit fin et \u00e9l\u00e9gant ou robuste et coupe-vent. Il suffit de glisser [&hellip;]","og_url":"https:\/\/www.rizz.design\/fr\/produit\/porte-parapluies\/","og_site_name":"RiZZ | Official Website","article_modified_time":"2026-03-10T09:03:45+00:00","og_image":[{"width":500,"height":500,"url":"https:\/\/www.rizz.design\/wp-content\/uploads\/2025\/09\/Ring-and-Disc-1.jpg","type":"image\/jpeg"}],"twitter_card":"summary_large_image","twitter_misc":{"Dur\u00e9e de lecture estim\u00e9e":"9 minutes"},"schema":{"@context":"https:\/\/schema.org","@graph":[{"@type":"WebPage","@id":"https:\/\/www.rizz.design\/fr\/produit\/porte-parapluies\/","url":"https:\/\/www.rizz.design\/fr\/produit\/porte-parapluies\/","name":"Porte-parapluies - RiZZ | Official Website","isPartOf":{"@id":"https:\/\/www.rizz.design\/fr\/#website"},"primaryImageOfPage":{"@id":"https:\/\/www.rizz.design\/fr\/produit\/porte-parapluies\/#primaryimage"},"image":{"@id":"https:\/\/www.rizz.design\/fr\/produit\/porte-parapluies\/#primaryimage"},"thumbnailUrl":"https:\/\/www.rizz.design\/wp-content\/uploads\/2025\/09\/Ring-and-Disc-1.jpg","datePublished":"2025-09-30T07:51:21+00:00","dateModified":"2026-03-10T09:03:45+00:00","breadcrumb":{"@id":"https:\/\/www.rizz.design\/fr\/produit\/porte-parapluies\/#breadcrumb"},"inLanguage":"fr-FR","potentialAction":[{"@type":"ReadAction","target":["https:\/\/www.rizz.design\/fr\/produit\/porte-parapluies\/"]}]},{"@type":"ImageObject","inLanguage":"fr-FR","@id":"https:\/\/www.rizz.design\/fr\/produit\/porte-parapluies\/#primaryimage","url":"https:\/\/www.rizz.design\/wp-content\/uploads\/2025\/09\/Ring-and-Disc-1.jpg","contentUrl":"https:\/\/www.rizz.design\/wp-content\/uploads\/2025\/09\/Ring-and-Disc-1.jpg","width":500,"height":500},{"@type":"BreadcrumbList","@id":"https:\/\/www.rizz.design\/fr\/produit\/porte-parapluies\/#breadcrumb","itemListElement":[{"@type":"ListItem","position":1,"name":"Home","item":"https:\/\/www.rizz.design\/fr\/"},{"@type":"ListItem","position":2,"name":"Produits","item":"https:\/\/www.rizz.design\/fr\/shop\/"},{"@type":"ListItem","position":3,"name":"Porte-parapluies"}]},{"@type":"WebSite","@id":"https:\/\/www.rizz.design\/fr\/#website","url":"https:\/\/www.rizz.design\/fr\/","name":"RiZZ | Official Website","description":"Since 1941","potentialAction":[{"@type":"SearchAction","target":{"@type":"EntryPoint","urlTemplate":"https:\/\/www.rizz.design\/fr\/?s={search_term_string}"},"query-input":{"@type":"PropertyValueSpecification","valueRequired":true,"valueName":"search_term_string"}}],"inLanguage":"fr-FR"}]}},"_links":{"self":[{"href":"https:\/\/www.rizz.design\/fr\/wp-json\/wp\/v2\/product\/79619","targetHints":{"allow":["GET"]}}],"collection":[{"href":"https:\/\/www.rizz.design\/fr\/wp-json\/wp\/v2\/product"}],"about":[{"href":"https:\/\/www.rizz.design\/fr\/wp-json\/wp\/v2\/types\/product"}],"replies":[{"embeddable":true,"href":"https:\/\/www.rizz.design\/fr\/wp-json\/wp\/v2\/comments?post=79619"}],"version-history":[{"count":33,"href":"https:\/\/www.rizz.design\/fr\/wp-json\/wp\/v2\/product\/79619\/revisions"}],"predecessor-version":[{"id":82235,"href":"https:\/\/www.rizz.design\/fr\/wp-json\/wp\/v2\/product\/79619\/revisions\/82235"}],"wp:featuredmedia":[{"embeddable":true,"href":"https:\/\/www.rizz.design\/fr\/wp-json\/wp\/v2\/media\/79375"}],"wp:attachment":[{"href":"https:\/\/www.rizz.design\/fr\/wp-json\/wp\/v2\/media?parent=79619"}],"wp:term":[{"taxonomy":"product_brand","embeddable":true,"href":"https:\/\/www.rizz.design\/fr\/wp-json\/wp\/v2\/product_brand?post=79619"},{"taxonomy":"product_cat","embeddable":true,"href":"https:\/\/www.rizz.design\/fr\/wp-json\/wp\/v2\/product_cat?post=79619"},{"taxonomy":"product_tag","embeddable":true,"href":"https:\/\/www.rizz.design\/fr\/wp-json\/wp\/v2\/product_tag?post=79619"}],"curies":[{"name":"wp","href":"https:\/\/api.w.org\/{rel}","templated":true}]}}